{"id":343,"date":"2012-03-06T15:45:34","date_gmt":"2012-03-06T13:45:34","guid":{"rendered":"https:\/\/topplant.pl\/?page_id=343"},"modified":"2018-04-07T10:07:53","modified_gmt":"2018-04-07T08:07:53","slug":"sezonowa-oferta-bratka","status":"publish","type":"page","link":"https:\/\/topplant.pl\/de\/sezonowa-oferta-bratka\/","title":{"rendered":"Hornveilchen und Stiefm\u00fctterchen (Gartenveilchen)"},"content":{"rendered":"<p><\/p>\n<p style=\"text-align: justify;\"><img decoding=\"async\" class=\"wp-image-1034 alignleft\" src=\"https:\/\/topplant.pl\/wp-content\/uploads\/2012\/03\/26003-RockyF1GoldenYellowImproved_M-300x291.jpg\" alt=\"\" width=\"240\" height=\"233\" srcset=\"https:\/\/topplant.pl\/wp-content\/uploads\/2012\/03\/26003-RockyF1GoldenYellowImproved_M-300x291.jpg 300w, https:\/\/topplant.pl\/wp-content\/uploads\/2012\/03\/26003-RockyF1GoldenYellowImproved_M-768x746.jpg 768w, https:\/\/topplant.pl\/wp-content\/uploads\/2012\/03\/26003-RockyF1GoldenYellowImproved_M-1024x994.jpg 1024w, https:\/\/topplant.pl\/wp-content\/uploads\/2012\/03\/26003-RockyF1GoldenYellowImproved_M-309x300.jpg 309w, https:\/\/topplant.pl\/wp-content\/uploads\/2012\/03\/26003-RockyF1GoldenYellowImproved_M.jpg 1072w\" sizes=\"(max-width: 240px) 100vw, 240px\" \/><\/p>\n<p style=\"text-align: justify;\">Stiefm\u00fctterchen sind seit vielen Jahren unsere Leidenschaft. Wir k\u00f6nnen uns gar nicht Fr\u00fchling ohne diese sch\u00f6nen Blumen vorstellen. Nach den langen Monaten von K\u00e4lte und Grau, Stiefm\u00fctterchen dienen dank ihrer unvorstellbar leuchtenden Farben als Mittel gegen Winterdepression.<\/p>\n<p style=\"text-align: justify;\">Zurzeit schlagen wir Ihnen etwa 80 der sch\u00f6nsten Arten der Stiefm\u00fctterchen aus sensationeller Gruppe Delta F1 (Serien Delta, Colossus, Endurio, Rocky, Patiola u.a.) in voller Farbenvielfalt vor, die aus einer f\u00fchrenden Zuchtst\u00e4tte der Stiefm\u00fctterchen \u2013 <strong>der schweizerischen Firma Syngenta Seeds<\/strong> kommen.<\/p>\n<p style=\"text-align: justify;\"><img decoding=\"async\" class=\"alignright size-medium wp-image-1035\" src=\"https:\/\/topplant.pl\/wp-content\/uploads\/2012\/03\/22350-_M-300x200.jpg\" alt=\"22350-_M\" width=\"300\" height=\"200\" srcset=\"https:\/\/topplant.pl\/wp-content\/uploads\/2012\/03\/22350-_M-300x200.jpg 300w, https:\/\/topplant.pl\/wp-content\/uploads\/2012\/03\/22350-_M-450x300.jpg 450w, https:\/\/topplant.pl\/wp-content\/uploads\/2012\/03\/22350-_M.jpg 720w\" sizes=\"(max-width: 300px) 100vw, 300px\" \/><\/p>\n<p style=\"text-align: justify;\">In unserem Angebot finden Sie, wie jedes Jahr, viele Neuheiten. Aus unserer Erfahrung heraus wissen wir, dass die Stiefm\u00fctterchen von Syngenta einsame Spitze hinsichtlich der Sch\u00f6nheit und Bl\u00fctezeit sind. Sie schaffen immer wundersch\u00f6ner dekorativer Effekt unabh\u00e4ngig davon, wo sie gepflanzt werden \u2013 Garten, Balkon, Terrasse.<\/p>\n<p style=\"text-align: justify;\"><img decoding=\"async\" class=\"alignleft wp-image-1036\" src=\"https:\/\/topplant.pl\/wp-content\/uploads\/2012\/03\/brateek.jpg\" alt=\"brateek\" width=\"278\" height=\"212\" \/><\/p>\n<p style=\"text-align: justify;\">Dieser Fr\u00fchling, wie immer, haben wir f\u00fcr Sie die Hunderttausende von Stiefm\u00fctterchen in den Blument\u00f6pfen, 9 cm &#8211; Diameter vorbereitet.<\/p>\n<p style=\"text-align: justify;\">Wir laden herzlich die Gro\u00dfh\u00e4ndler &#8211; Superm\u00e4rkte, Gartenbauzentren, Blumengesch\u00e4fte, Gartenbauunternehmen und aber auch die Kunden vom Einzelhandel zur Mitarbeit ein.<\/p>\n<p style=\"text-align: justify;\">Noch mehr, fachm\u00e4nnlich beraten wir \u2013 wie, wo und was pflanzen, um die Ansicht von anmutigen Pflanzen zu genie\u00dfen.\u00a0<img decoding=\"async\" class=\"alignright size-medium wp-image-1038\" src=\"https:\/\/topplant.pl\/wp-content\/uploads\/2012\/03\/12451-RockyF1Mix_M-200x300.jpg\" alt=\"12451-RockyF1Mix_M\" width=\"200\" height=\"300\" srcset=\"https:\/\/topplant.pl\/wp-content\/uploads\/2012\/03\/12451-RockyF1Mix_M-200x300.jpg 200w, https:\/\/topplant.pl\/wp-content\/uploads\/2012\/03\/12451-RockyF1Mix_M-768x1152.jpg 768w, https:\/\/topplant.pl\/wp-content\/uploads\/2012\/03\/12451-RockyF1Mix_M-683x1024.jpg 683w, https:\/\/topplant.pl\/wp-content\/uploads\/2012\/03\/12451-RockyF1Mix_M.jpg 1024w\" sizes=\"(max-width: 200px) 100vw, 200px\" \/><a href=\"https:\/\/topplant.pl\/de\/kontakt\/\">Sie haben Fragen? Sie m\u00f6chten bestellen? Kontakt<\/a><\/p>\n<p><img decoding=\"async\" class=\"alignleft size-thumbnail wp-image-1102\" src=\"https:\/\/topplant.pl\/wp-content\/uploads\/2012\/03\/P3-150x150.jpg\" alt=\"P3\" width=\"150\" height=\"150\" \/><\/p>\n<p style=\"text-align: justify;\"><span style=\"color: #999999; font-size: 9pt;\">Pictures Copyright: kind thanks to Syngenta Seeds who is an owner of the graphics.<\/span><\/p>\n<p><\/p>","protected":false},"excerpt":{"rendered":"<p>Stiefm\u00fctterchen sind seit vielen Jahren unsere Leidenschaft. Wir k\u00f6nnen uns gar nicht Fr\u00fchling ohne diese sch\u00f6nen Blumen vorstellen. Nach den langen Monaten von K\u00e4lte und Grau, Stiefm\u00fctterchen dienen dank ihrer unvorstellbar leuchtenden Farben als Mittel gegen Winterdepression. Zurzeit schlagen wir &hellip; <a href=\"https:\/\/topplant.pl\/de\/sezonowa-oferta-bratka\/\">Weiterlesen <span class=\"meta-nav\">&rarr;<\/span><\/a><\/p>\n","protected":false},"author":2,"featured_media":0,"parent":0,"menu_order":0,"comment_status":"open","ping_status":"closed","template":"sidebar-page.php","meta":{"footnotes":""},"class_list":["post-343","page","type-page","status-publish","hentry"],"yoast_head":"<!-- This site is optimized with the Yoast SEO plugin v20.2.1 - https:\/\/yoast.com\/wordpress\/plugins\/seo\/ -->\n<title>Hornveilchen und Stiefm\u00fctterchen (Gartenveilchen) &nbsp;<\/title>\n<meta name=\"robots\" content=\"index, follow, max-snippet:-1, max-image-preview:large, max-video-preview:-1\" \/>\n<link rel=\"canonical\" href=\"https:\/\/topplant.pl\/sezonowa-oferta-bratka\/\" \/>\n<meta property=\"og:locale\" content=\"de_DE\" \/>\n<meta property=\"og:type\" content=\"article\" \/>\n<meta property=\"og:title\" content=\"Hornveilchen und Stiefm\u00fctterchen (Gartenveilchen) &nbsp;\" \/>\n<meta property=\"og:description\" content=\"Stiefm\u00fctterchen sind seit vielen Jahren unsere Leidenschaft. Wir k\u00f6nnen uns gar nicht Fr\u00fchling ohne diese sch\u00f6nen Blumen vorstellen. Nach den langen Monaten von K\u00e4lte und Grau, Stiefm\u00fctterchen dienen dank ihrer unvorstellbar leuchtenden Farben als Mittel gegen Winterdepression. Zurzeit schlagen wir &hellip; Weiterlesen &rarr;\" \/>\n<meta property=\"og:url\" content=\"https:\/\/topplant.pl\/sezonowa-oferta-bratka\/\" \/>\n<meta property=\"og:site_name\" content=\"TOP-PLANT\" \/>\n<meta property=\"article:publisher\" content=\"https:\/\/www.facebook.com\/Centrum-Ogrodnicze-Top-Plant-Szczecin-317711855543144\" \/>\n<meta property=\"article:modified_time\" content=\"2018-04-07T08:07:53+00:00\" \/>\n<meta property=\"og:image\" content=\"https:\/\/topplant.pl\/wp-content\/uploads\/2012\/03\/26003-RockyF1GoldenYellowImproved_M-300x291.jpg\" \/>\n<meta name=\"twitter:card\" content=\"summary_large_image\" \/>\n<meta name=\"twitter:label1\" content=\"Gesch\u00e4tzte Lesezeit\" \/>\n\t<meta name=\"twitter:data1\" content=\"2\u00a0Minuten\" \/>\n<script type=\"application\/ld+json\" class=\"yoast-schema-graph\">{\"@context\":\"https:\/\/schema.org\",\"@graph\":[{\"@type\":\"WebPage\",\"@id\":\"https:\/\/topplant.pl\/sezonowa-oferta-bratka\/\",\"url\":\"https:\/\/topplant.pl\/sezonowa-oferta-bratka\/\",\"name\":\"Hornveilchen und Stiefm\u00fctterchen (Gartenveilchen) &nbsp;\",\"isPartOf\":{\"@id\":\"https:\/\/topplant.pl\/#website\"},\"datePublished\":\"2012-03-06T13:45:34+00:00\",\"dateModified\":\"2018-04-07T08:07:53+00:00\",\"breadcrumb\":{\"@id\":\"https:\/\/topplant.pl\/sezonowa-oferta-bratka\/#breadcrumb\"},\"inLanguage\":\"de\",\"potentialAction\":[{\"@type\":\"ReadAction\",\"target\":[\"https:\/\/topplant.pl\/sezonowa-oferta-bratka\/\"]}]},{\"@type\":\"BreadcrumbList\",\"@id\":\"https:\/\/topplant.pl\/sezonowa-oferta-bratka\/#breadcrumb\",\"itemListElement\":[{\"@type\":\"ListItem\",\"position\":1,\"name\":\"Strona g\u0142\u00f3wna\",\"item\":\"https:\/\/topplant.pl\/\"},{\"@type\":\"ListItem\",\"position\":2,\"name\":\"Bratek (Fio\u0142ek ogrodowy, Viola, Pansy)\"}]},{\"@type\":\"WebSite\",\"@id\":\"https:\/\/topplant.pl\/#website\",\"url\":\"https:\/\/topplant.pl\/\",\"name\":\"Centrum Ogrodnicze TOP-PLANT\",\"description\":\"Producent kwiat\u00f3w, sadzonek, owoc\u00f3w truskawek i malin\",\"publisher\":{\"@id\":\"https:\/\/topplant.pl\/#organization\"},\"potentialAction\":[{\"@type\":\"SearchAction\",\"target\":{\"@type\":\"EntryPoint\",\"urlTemplate\":\"https:\/\/topplant.pl\/?s={search_term_string}\"},\"query-input\":\"required name=search_term_string\"}],\"inLanguage\":\"de\"},{\"@type\":\"Organization\",\"@id\":\"https:\/\/topplant.pl\/#organization\",\"name\":\"Centrum Ogrodnicze TOP-PLANT\",\"url\":\"https:\/\/topplant.pl\/\",\"logo\":{\"@type\":\"ImageObject\",\"inLanguage\":\"de\",\"@id\":\"https:\/\/topplant.pl\/#\/schema\/logo\/image\/\",\"url\":\"https:\/\/topplant.pl\/wp-content\/uploads\/2018\/01\/baner-10_bratek_nowe_logo.jpg\",\"contentUrl\":\"https:\/\/topplant.pl\/wp-content\/uploads\/2018\/01\/baner-10_bratek_nowe_logo.jpg\",\"width\":1000,\"height\":320,\"caption\":\"Centrum Ogrodnicze TOP-PLANT\"},\"image\":{\"@id\":\"https:\/\/topplant.pl\/#\/schema\/logo\/image\/\"},\"sameAs\":[\"https:\/\/www.facebook.com\/Centrum-Ogrodnicze-Top-Plant-Szczecin-317711855543144\"]}]}<\/script>\n<!-- \/ Yoast SEO plugin. -->","yoast_head_json":{"title":"Hornveilchen und Stiefm\u00fctterchen (Gartenveilchen) &nbsp;","robots":{"index":"index","follow":"follow","max-snippet":"max-snippet:-1","max-image-preview":"max-image-preview:large","max-video-preview":"max-video-preview:-1"},"canonical":"https:\/\/topplant.pl\/sezonowa-oferta-bratka\/","og_locale":"de_DE","og_type":"article","og_title":"Hornveilchen und Stiefm\u00fctterchen (Gartenveilchen) &nbsp;","og_description":"Stiefm\u00fctterchen sind seit vielen Jahren unsere Leidenschaft. Wir k\u00f6nnen uns gar nicht Fr\u00fchling ohne diese sch\u00f6nen Blumen vorstellen. Nach den langen Monaten von K\u00e4lte und Grau, Stiefm\u00fctterchen dienen dank ihrer unvorstellbar leuchtenden Farben als Mittel gegen Winterdepression. Zurzeit schlagen wir &hellip; Weiterlesen &rarr;","og_url":"https:\/\/topplant.pl\/sezonowa-oferta-bratka\/","og_site_name":"TOP-PLANT","article_publisher":"https:\/\/www.facebook.com\/Centrum-Ogrodnicze-Top-Plant-Szczecin-317711855543144","article_modified_time":"2018-04-07T08:07:53+00:00","og_image":[{"url":"https:\/\/topplant.pl\/wp-content\/uploads\/2012\/03\/26003-RockyF1GoldenYellowImproved_M-300x291.jpg"}],"twitter_card":"summary_large_image","twitter_misc":{"Gesch\u00e4tzte Lesezeit":"2\u00a0Minuten"},"schema":{"@context":"https:\/\/schema.org","@graph":[{"@type":"WebPage","@id":"https:\/\/topplant.pl\/sezonowa-oferta-bratka\/","url":"https:\/\/topplant.pl\/sezonowa-oferta-bratka\/","name":"Hornveilchen und Stiefm\u00fctterchen (Gartenveilchen) &nbsp;","isPartOf":{"@id":"https:\/\/topplant.pl\/#website"},"datePublished":"2012-03-06T13:45:34+00:00","dateModified":"2018-04-07T08:07:53+00:00","breadcrumb":{"@id":"https:\/\/topplant.pl\/sezonowa-oferta-bratka\/#breadcrumb"},"inLanguage":"de","potentialAction":[{"@type":"ReadAction","target":["https:\/\/topplant.pl\/sezonowa-oferta-bratka\/"]}]},{"@type":"BreadcrumbList","@id":"https:\/\/topplant.pl\/sezonowa-oferta-bratka\/#breadcrumb","itemListElement":[{"@type":"ListItem","position":1,"name":"Strona g\u0142\u00f3wna","item":"https:\/\/topplant.pl\/"},{"@type":"ListItem","position":2,"name":"Bratek (Fio\u0142ek ogrodowy, Viola, Pansy)"}]},{"@type":"WebSite","@id":"https:\/\/topplant.pl\/#website","url":"https:\/\/topplant.pl\/","name":"Centrum Ogrodnicze TOP-PLANT","description":"Producent kwiat\u00f3w, sadzonek, owoc\u00f3w truskawek i malin","publisher":{"@id":"https:\/\/topplant.pl\/#organization"},"potentialAction":[{"@type":"SearchAction","target":{"@type":"EntryPoint","urlTemplate":"https:\/\/topplant.pl\/?s={search_term_string}"},"query-input":"required name=search_term_string"}],"inLanguage":"de"},{"@type":"Organization","@id":"https:\/\/topplant.pl\/#organization","name":"Centrum Ogrodnicze TOP-PLANT","url":"https:\/\/topplant.pl\/","logo":{"@type":"ImageObject","inLanguage":"de","@id":"https:\/\/topplant.pl\/#\/schema\/logo\/image\/","url":"https:\/\/topplant.pl\/wp-content\/uploads\/2018\/01\/baner-10_bratek_nowe_logo.jpg","contentUrl":"https:\/\/topplant.pl\/wp-content\/uploads\/2018\/01\/baner-10_bratek_nowe_logo.jpg","width":1000,"height":320,"caption":"Centrum Ogrodnicze TOP-PLANT"},"image":{"@id":"https:\/\/topplant.pl\/#\/schema\/logo\/image\/"},"sameAs":["https:\/\/www.facebook.com\/Centrum-Ogrodnicze-Top-Plant-Szczecin-317711855543144"]}]}},"_links":{"self":[{"href":"https:\/\/topplant.pl\/de\/wp-json\/wp\/v2\/pages\/343","targetHints":{"allow":["GET"]}}],"collection":[{"href":"https:\/\/topplant.pl\/de\/wp-json\/wp\/v2\/pages"}],"about":[{"href":"https:\/\/topplant.pl\/de\/wp-json\/wp\/v2\/types\/page"}],"author":[{"embeddable":true,"href":"https:\/\/topplant.pl\/de\/wp-json\/wp\/v2\/users\/2"}],"replies":[{"embeddable":true,"href":"https:\/\/topplant.pl\/de\/wp-json\/wp\/v2\/comments?post=343"}],"version-history":[{"count":1,"href":"https:\/\/topplant.pl\/de\/wp-json\/wp\/v2\/pages\/343\/revisions"}],"predecessor-version":[{"id":1951,"href":"https:\/\/topplant.pl\/de\/wp-json\/wp\/v2\/pages\/343\/revisions\/1951"}],"wp:attachment":[{"href":"https:\/\/topplant.pl\/de\/wp-json\/wp\/v2\/media?parent=343"}],"curies":[{"name":"wp","href":"https:\/\/api.w.org\/{rel}","templated":true}]}}